{"id":980,"date":"2022-08-05T16:04:28","date_gmt":"2022-08-05T16:04:28","guid":{"rendered":"https:\/\/mediaware.org\/channeltalks\/?page_id=980"},"modified":"2022-12-19T14:23:45","modified_gmt":"2022-12-19T14:23:45","slug":"galeria-de-fotos-2022","status":"publish","type":"page","link":"https:\/\/mediaware.org\/channeltalks\/galeria-de-fotos-2022\/","title":{"rendered":"Galer\u00eda de fotos 2022"},"content":{"rendered":"<p>[et_pb_section fb_built=\u00bb1&#8243; custom_padding_last_edited=\u00bboff|desktop\u00bb admin_label=\u00bbHero\u00bb _builder_version=\u00bb4.17.3&#8243; _module_preset=\u00bbdefault\u00bb use_background_color_gradient=\u00bbon\u00bb background_color_gradient_stops=\u00bb#ffffff 0%|#e7edf9 100%\u00bb background_color_gradient_start=\u00bb#ffffff\u00bb background_color_gradient_end=\u00bb#e7edf9&#8243; background_image=\u00bbhttps:\/\/mediaware.org\/channeltalks\/wp-content\/uploads\/2022\/08\/NUEVO-BACK.jpg\u00bb custom_margin=\u00bb||-1px|||\u00bb custom_padding=\u00bb100px||48px|||\u00bb custom_padding_tablet=\u00bb130px||130px|\u00bb da_disable_devices=\u00bboff|off|off\u00bb global_colors_info=\u00bb{}\u00bb da_is_popup=\u00bboff\u00bb da_exit_intent=\u00bboff\u00bb da_has_close=\u00bbon\u00bb da_alt_close=\u00bboff\u00bb da_dark_close=\u00bboff\u00bb da_not_modal=\u00bbon\u00bb da_is_singular=\u00bboff\u00bb da_with_loader=\u00bboff\u00bb da_has_shadow=\u00bbon\u00bb][et_pb_row _builder_version=\u00bb4.17.6&#8243; _module_preset=\u00bbdefault\u00bb background_size=\u00bbinitial\u00bb background_position=\u00bbtop_left\u00bb background_repeat=\u00bbrepeat\u00bb max_width=\u00bb1920px\u00bb custom_margin=\u00bb||||false|false\u00bb custom_padding=\u00bb0px||||false|false\u00bb global_colors_info=\u00bb{}\u00bb][et_pb_column type=\u00bb4_4&#8243; _builder_version=\u00bb4.16&#8243; _module_preset=\u00bbdefault\u00bb custom_padding=\u00bb|||\u00bb global_colors_info=\u00bb{}\u00bb custom_padding__hover=\u00bb|||\u00bb][et_pb_text _builder_version=\u00bb4.17.6&#8243; _module_preset=\u00bbdefault\u00bb text_font=\u00bb||||||||\u00bb header_font=\u00bbMontserrat|700|||||||\u00bb header_text_color=\u00bb#FFFFFF\u00bb header_font_size=\u00bb60px\u00bb header_line_height=\u00bb1.3em\u00bb text_orientation=\u00bbcenter\u00bb max_width=\u00bb1080%\u00bb module_alignment=\u00bbcenter\u00bb custom_margin=\u00bb||0px|\u00bb animation_style=\u00bbflip\u00bb animation_direction=\u00bbtop\u00bb header_font_size_tablet=\u00bb60px\u00bb header_font_size_phone=\u00bb35px\u00bb header_font_size_last_edited=\u00bbon|desktop\u00bb global_colors_info=\u00bb{}\u00bb]<\/p>\n<h1>GALER\u00cdA CHANNEL TALKS 2022<\/h1>\n<p>[\/et_pb_text][et_pb_divider color=\u00bb#E09900&#8243; divider_position=\u00bbcenter\u00bb divider_weight=\u00bb2px\u00bb _builder_version=\u00bb4.17.6&#8243; _module_preset=\u00bbdefault\u00bb max_width=\u00bb90px\u00bb max_width_tablet=\u00bb12%\u00bb max_width_last_edited=\u00bboff|desktop\u00bb module_alignment=\u00bbcenter\u00bb custom_margin=\u00bb|||\u00bb animation_style=\u00bbflip\u00bb animation_delay=\u00bb50ms\u00bb global_colors_info=\u00bb{}\u00bb][\/et_pb_divider][et_pb_text _builder_version=\u00bb4.17.6&#8243; _module_preset=\u00bbdefault\u00bb text_font=\u00bbMontserrat||||||||\u00bb text_text_color=\u00bb#FFFFFF\u00bb text_font_size=\u00bb23px\u00bb text_line_height=\u00bb1.8em\u00bb header_3_font=\u00bbMontserrat||||||||\u00bb header_3_text_color=\u00bb#FFFFFF\u00bb header_3_font_size=\u00bb35px\u00bb header_3_line_height=\u00bb1.2em\u00bb text_orientation=\u00bbcenter\u00bb width=\u00bb100%\u00bb width_tablet=\u00bb100%\u00bb width_phone=\u00bb99%\u00bb width_last_edited=\u00bbon|desktop\u00bb module_alignment=\u00bbcenter\u00bb custom_padding=\u00bb||47px|||\u00bb text_font_size_tablet=\u00bb18px\u00bb text_font_size_phone=\u00bb14px\u00bb text_font_size_last_edited=\u00bbon|desktop\u00bb header_3_font_size_tablet=\u00bb24px\u00bb header_3_font_size_phone=\u00bb24px\u00bb header_3_font_size_last_edited=\u00bbon|desktop\u00bb header_3_line_height_tablet=\u00bb1em\u00bb header_3_line_height_phone=\u00bb1.2em\u00bb header_3_line_height_last_edited=\u00bbon|tablet\u00bb module_alignment_tablet=\u00bbcenter\u00bb module_alignment_phone=\u00bbcenter\u00bb module_alignment_last_edited=\u00bbon|desktop\u00bb global_colors_info=\u00bb{}\u00bb]<\/p>\n<h3 class=\"p1\"><\/h3>\n<p class=\"p2\"><span>Seguimos recorriendo el pa\u00eds, capacitando y premiando a los resellers, generando nuevos v\u00ednculos y negocios con foco en el valor agregado y la relaci\u00f3n personal.<\/span><\/p>\n<p>[\/et_pb_text][\/et_pb_column][\/et_pb_row][\/et_pb_section][et_pb_section fb_built=\u00bb1&#8243; admin_label=\u00bbGallery\u00bb _builder_version=\u00bb4.16&#8243; _module_preset=\u00bbdefault\u00bb custom_margin=\u00bb-87px|||||\u00bb custom_padding=\u00bb27px||0px|||\u00bb da_disable_devices=\u00bboff|off|off\u00bb global_colors_info=\u00bb{}\u00bb da_is_popup=\u00bboff\u00bb da_exit_intent=\u00bboff\u00bb da_has_close=\u00bbon\u00bb da_alt_close=\u00bboff\u00bb da_dark_close=\u00bboff\u00bb da_not_modal=\u00bbon\u00bb da_is_singular=\u00bboff\u00bb da_with_loader=\u00bboff\u00bb da_has_shadow=\u00bbon\u00bb][et_pb_row _builder_version=\u00bb4.17.3&#8243; _module_preset=\u00bbdefault\u00bb global_colors_info=\u00bb{}\u00bb][et_pb_column type=\u00bb4_4&#8243; _builder_version=\u00bb4.17.3&#8243; _module_preset=\u00bbdefault\u00bb global_colors_info=\u00bb{}\u00bb][et_pb_divider color=\u00bb#878787&#8243; divider_weight=\u00bb2px\u00bb _builder_version=\u00bb4.17.3&#8243; _module_preset=\u00bbdefault\u00bb width=\u00bb84%\u00bb module_alignment=\u00bbcenter\u00bb global_colors_info=\u00bb{}\u00bb][\/et_pb_divider][\/et_pb_column][\/et_pb_row][et_pb_row column_structure=\u00bb1_3,1_3,1_3&#8243; use_custom_gutter=\u00bbon\u00bb make_equal=\u00bbon\u00bb _builder_version=\u00bb4.17.6&#8243; _module_preset=\u00bbdefault\u00bb custom_padding=\u00bb||50px|||\u00bb global_colors_info=\u00bb{}\u00bb][et_pb_column type=\u00bb1_3&#8243; _builder_version=\u00bb4.17.3&#8243; _module_preset=\u00bbdefault\u00bb global_colors_info=\u00bb{}\u00bb][et_pb_blurb title=\u00bbNEUQU\u00c9N &#8211; ARG\u00bb image=\u00bbhttps:\/\/mediaware.org\/channeltalks\/wp-content\/uploads\/2022\/08\/marcador-de-posicion.png\u00bb icon_placement=\u00bbleft\u00bb image_icon_width=\u00bb100%\u00bb _builder_version=\u00bb4.17.3&#8243; _module_preset=\u00bbdefault\u00bb header_font=\u00bbMontserrat|700|||||||\u00bb image_icon_custom_margin=\u00bb-7px||||false|false\u00bb width=\u00bb100%\u00bb global_colors_info=\u00bb{}\u00bb]<\/p>\n<p><span>Durante la jornada asistieron 100 canales, 10 mayoristas y 33 marcas, con charlas, debates, muestra de productos, soluciones y mucho m\u00e1s.\u00a0El encuentro cerr\u00f3 con un distendido after para expositores y canales VIPS.<\/span><\/p>\n<p>[\/et_pb_blurb][et_pb_button button_url=\u00bbhttps:\/\/mediaware.org\/channeltalks\/galeria-de-fotos-2022\/neuquen\/\u00bb button_text=\u00bbVER GALER\u00cdA\u00bb button_alignment=\u00bbleft\u00bb _builder_version=\u00bb4.17.6&#8243; _module_preset=\u00bbdefault\u00bb custom_button=\u00bbon\u00bb button_text_size=\u00bb14px\u00bb button_text_color=\u00bb#FFFFFF\u00bb button_bg_color=\u00bb#E02B20&#8243; button_border_radius=\u00bb35px\u00bb button_font=\u00bbMontserrat||||||||\u00bb button_icon=\u00bb&#x55;||divi||400&#8243; button_icon_color=\u00bb#FFFFFF\u00bb button_on_hover=\u00bboff\u00bb custom_padding=\u00bb|37px||19px|false|false\u00bb global_colors_info=\u00bb{}\u00bb][\/et_pb_button][\/et_pb_column][et_pb_column type=\u00bb1_3&#8243; _builder_version=\u00bb4.17.3&#8243; _module_preset=\u00bbdefault\u00bb global_colors_info=\u00bb{}\u00bb][et_pb_blurb title=\u00bbTUCUM\u00c1N &#8211; ARG\u00bb image=\u00bbhttps:\/\/mediaware.org\/channeltalks\/wp-content\/uploads\/2022\/08\/marcador-de-posicion.png\u00bb icon_placement=\u00bbleft\u00bb image_icon_width=\u00bb100%\u00bb _builder_version=\u00bb4.17.3&#8243; _module_preset=\u00bbdefault\u00bb header_font=\u00bbMontserrat|700|||||||\u00bb image_icon_custom_margin=\u00bb-7px||||false|false\u00bb width=\u00bb100%\u00bb custom_margin=\u00bb||72px|||\u00bb custom_padding=\u00bb3px||3px||true|\u00bb global_colors_info=\u00bb{}\u00bb]<\/p>\n<p><span>Durante la jornada asistieron m\u00e1s de 180 canales y 17 expositores, donde se habl\u00f3 todo lo relacionado al modelo de negocio en el canal IT.<\/span><\/p>\n<p>[\/et_pb_blurb][et_pb_button button_url=\u00bbhttps:\/\/mediaware.org\/channeltalks\/galeria-de-fotos-2022\/tucuman\/\u00bb button_text=\u00bbVER GALER\u00cdA\u00bb button_alignment=\u00bbleft\u00bb _builder_version=\u00bb4.17.6&#8243; _module_preset=\u00bbdefault\u00bb custom_button=\u00bbon\u00bb button_text_size=\u00bb14px\u00bb button_text_color=\u00bb#FFFFFF\u00bb button_bg_color=\u00bb#E02B20&#8243; button_border_radius=\u00bb35px\u00bb button_font=\u00bbMontserrat||||||||\u00bb button_icon=\u00bb&#x55;||divi||400&#8243; button_icon_color=\u00bb#FFFFFF\u00bb button_on_hover=\u00bboff\u00bb custom_padding=\u00bb|37px||19px|false|false\u00bb global_colors_info=\u00bb{}\u00bb][\/et_pb_button][\/et_pb_column][et_pb_column type=\u00bb1_3&#8243; _builder_version=\u00bb4.17.3&#8243; _module_preset=\u00bbdefault\u00bb global_colors_info=\u00bb{}\u00bb][et_pb_blurb title=\u00bbSANTA FE &#8211; ARG\u00bb image=\u00bbhttps:\/\/mediaware.org\/channeltalks\/wp-content\/uploads\/2022\/08\/marcador-de-posicion.png\u00bb icon_placement=\u00bbleft\u00bb image_icon_width=\u00bb100%\u00bb _builder_version=\u00bb4.17.3&#8243; _module_preset=\u00bbdefault\u00bb header_font=\u00bbMontserrat|700|||||||\u00bb image_icon_custom_margin=\u00bb-7px||||false|false\u00bb width=\u00bb100%\u00bb custom_margin=\u00bb||52px|||\u00bb global_colors_info=\u00bb{}\u00bb]<\/p>\n<p><span>Durante la jornada asistieron m\u00e1s de 150 canales y 18 expositores, quienes tuvieron reuniones en forma presencial y conocieron distintas soluciones. Hubo premios y mucho m\u00e1s.<\/span><\/p>\n<p>[\/et_pb_blurb][et_pb_button button_url=\u00bbhttps:\/\/mediaware.org\/channeltalks\/santa-fe\/\u00bb button_text=\u00bbVER GALER\u00cdA\u00bb button_alignment=\u00bbleft\u00bb _builder_version=\u00bb4.17.6&#8243; _module_preset=\u00bbdefault\u00bb custom_button=\u00bbon\u00bb button_text_size=\u00bb14px\u00bb button_text_color=\u00bb#FFFFFF\u00bb button_bg_color=\u00bb#E02B20&#8243; button_border_radius=\u00bb35px\u00bb button_font=\u00bbMontserrat||||||||\u00bb button_icon=\u00bb&#x55;||divi||400&#8243; button_icon_color=\u00bb#FFFFFF\u00bb button_on_hover=\u00bboff\u00bb custom_padding=\u00bb|37px||19px|false|false\u00bb global_colors_info=\u00bb{}\u00bb][\/et_pb_button][\/et_pb_column][\/et_pb_row][et_pb_row column_structure=\u00bb1_3,1_3,1_3&#8243; use_custom_gutter=\u00bbon\u00bb make_equal=\u00bbon\u00bb _builder_version=\u00bb4.17.6&#8243; _module_preset=\u00bbdefault\u00bb custom_padding=\u00bb||52px|||\u00bb global_colors_info=\u00bb{}\u00bb][et_pb_column type=\u00bb1_3&#8243; _builder_version=\u00bb4.17.3&#8243; _module_preset=\u00bbdefault\u00bb global_colors_info=\u00bb{}\u00bb][et_pb_blurb title=\u00bbSANTA CRUZ &#8211; BO\u00bb image=\u00bbhttps:\/\/mediaware.org\/channeltalks\/wp-content\/uploads\/2022\/08\/marcador-de-posicion.png\u00bb icon_placement=\u00bbleft\u00bb image_icon_width=\u00bb100%\u00bb _builder_version=\u00bb4.17.3&#8243; _module_preset=\u00bbdefault\u00bb header_font=\u00bbMontserrat|700|||||||\u00bb image_icon_custom_margin=\u00bb-7px||||false|false\u00bb width=\u00bb100%\u00bb global_colors_info=\u00bb{}\u00bb]<\/p>\n<p><span>Durante la jornada asistieron 100 canales, 10 mayoristas y 33 marcas, con charlas, debates, muestra de productos, soluciones y mucho m\u00e1s.\u00a0El encuentro cerr\u00f3 con un distendido after para expositores y canales VIPS.<\/span><\/p>\n<p>[\/et_pb_blurb][et_pb_button button_url=\u00bbhttps:\/\/mediaware.org\/channeltalks\/santa-cruz\/\u00bb button_text=\u00bbVER GALER\u00cdA\u00bb button_alignment=\u00bbleft\u00bb _builder_version=\u00bb4.17.6&#8243; _module_preset=\u00bbdefault\u00bb custom_button=\u00bbon\u00bb button_text_size=\u00bb14px\u00bb button_text_color=\u00bb#FFFFFF\u00bb button_bg_color=\u00bb#E02B20&#8243; button_border_radius=\u00bb35px\u00bb button_font=\u00bbMontserrat||||||||\u00bb button_icon=\u00bb&#x55;||divi||400&#8243; button_icon_color=\u00bb#FFFFFF\u00bb button_on_hover=\u00bboff\u00bb custom_padding=\u00bb|37px||19px|false|false\u00bb global_colors_info=\u00bb{}\u00bb][\/et_pb_button][\/et_pb_column][et_pb_column type=\u00bb1_3&#8243; _builder_version=\u00bb4.17.3&#8243; _module_preset=\u00bbdefault\u00bb global_colors_info=\u00bb{}\u00bb][et_pb_blurb title=\u00bbRESISTENCIA &#8211; ARG\u00bb image=\u00bbhttps:\/\/mediaware.org\/channeltalks\/wp-content\/uploads\/2022\/08\/marcador-de-posicion.png\u00bb icon_placement=\u00bbleft\u00bb image_icon_width=\u00bb100%\u00bb _builder_version=\u00bb4.17.6&#8243; _module_preset=\u00bbdefault\u00bb header_font=\u00bbMontserrat|700|||||||\u00bb image_icon_custom_margin=\u00bb-7px||||false|false\u00bb width=\u00bb100%\u00bb global_colors_info=\u00bb{}\u00bb]<\/p>\n<p><span>El tradicional encuentro cont\u00f3 con la presencia de m\u00e1s de 100 asistentes, que tuvieron la posibilidad de conocer sobre las \u00faltimas noticias de tecnolog\u00eda y los modelos de actualizaci\u00f3n de negocios en el canal IT.<\/span><\/p>\n<p>[\/et_pb_blurb][et_pb_button button_url=\u00bbhttps:\/\/mediaware.org\/channeltalks\/galeria-de-fotos-2022\/resistencia\/\u00bb button_text=\u00bbVER GALER\u00cdA\u00bb button_alignment=\u00bbleft\u00bb _builder_version=\u00bb4.17.6&#8243; _module_preset=\u00bbdefault\u00bb custom_button=\u00bbon\u00bb button_text_size=\u00bb14px\u00bb button_text_color=\u00bb#FFFFFF\u00bb button_bg_color=\u00bb#E02B20&#8243; button_border_radius=\u00bb35px\u00bb button_font=\u00bbMontserrat||||||||\u00bb button_icon=\u00bb&#x55;||divi||400&#8243; button_icon_color=\u00bb#FFFFFF\u00bb button_on_hover=\u00bboff\u00bb custom_padding=\u00bb|37px||19px|false|false\u00bb global_colors_info=\u00bb{}\u00bb][\/et_pb_button][\/et_pb_column][et_pb_column type=\u00bb1_3&#8243; _builder_version=\u00bb4.17.3&#8243; _module_preset=\u00bbdefault\u00bb global_colors_info=\u00bb{}\u00bb][et_pb_blurb title=\u00bbASUNCI\u00d3N &#8211; PY\u00bb image=\u00bbhttps:\/\/mediaware.org\/channeltalks\/wp-content\/uploads\/2022\/08\/marcador-de-posicion.png\u00bb icon_placement=\u00bbleft\u00bb image_icon_width=\u00bb100%\u00bb _builder_version=\u00bb4.17.6&#8243; _module_preset=\u00bbdefault\u00bb header_font=\u00bbMontserrat|700|||||||\u00bb image_icon_custom_margin=\u00bb-7px||||false|false\u00bb width=\u00bb100%\u00bb global_colors_info=\u00bb{}\u00bb]<\/p>\n<p><span>El distinguido encuentro, que se realiz\u00f3 en la zona c\u00e9ntrica de Asunci\u00f3n, reuni\u00f3 a distintos concurrentes que formaron parte de las exposiciones sobre lo \u00faltimo en tecnolog\u00eda y los modelos de actualizaci\u00f3n de negocios en el canal IT.<\/span><\/p>\n<p>[\/et_pb_blurb][et_pb_button button_url=\u00bbhttps:\/\/mediaware.org\/channeltalks\/galeria-de-fotos-2022\/asuncion\/\u00bb button_text=\u00bbVER GALER\u00cdA\u00bb button_alignment=\u00bbleft\u00bb _builder_version=\u00bb4.17.6&#8243; _module_preset=\u00bbdefault\u00bb custom_button=\u00bbon\u00bb button_text_size=\u00bb14px\u00bb button_text_color=\u00bb#FFFFFF\u00bb button_bg_color=\u00bb#E02B20&#8243; button_border_radius=\u00bb35px\u00bb button_font=\u00bbMontserrat||||||||\u00bb button_icon=\u00bb&#x55;||divi||400&#8243; button_icon_color=\u00bb#FFFFFF\u00bb button_on_hover=\u00bboff\u00bb custom_padding=\u00bb|37px||19px|false|false\u00bb global_colors_info=\u00bb{}\u00bb][\/et_pb_button][\/et_pb_column][\/et_pb_row][et_pb_row column_structure=\u00bb1_3,1_3,1_3&#8243; use_custom_gutter=\u00bbon\u00bb make_equal=\u00bbon\u00bb _builder_version=\u00bb4.17.6&#8243; _module_preset=\u00bbdefault\u00bb custom_padding=\u00bb||52px|||\u00bb global_colors_info=\u00bb{}\u00bb][et_pb_column type=\u00bb1_3&#8243; _builder_version=\u00bb4.17.3&#8243; _module_preset=\u00bbdefault\u00bb global_colors_info=\u00bb{}\u00bb][et_pb_blurb title=\u00bbSANTIAGO &#8211; CL\u00bb image=\u00bbhttps:\/\/mediaware.org\/channeltalks\/wp-content\/uploads\/2022\/08\/marcador-de-posicion.png\u00bb icon_placement=\u00bbleft\u00bb image_icon_width=\u00bb100%\u00bb _builder_version=\u00bb4.17.6&#8243; _module_preset=\u00bbdefault\u00bb header_font=\u00bbMontserrat|700|||||||\u00bb image_icon_custom_margin=\u00bb-7px||||false|false\u00bb width=\u00bb100%\u00bb global_colors_info=\u00bb{}\u00bb]<\/p>\n<p><span>El encuentro reuni\u00f3 a distintos concurrentes que formaron parte de las exposiciones sobre lo \u00faltimo en tecnolog\u00eda y los modelos de actualizaci\u00f3n de negocios en el canal IT.\u00a0<\/span><\/p>\n<p>[\/et_pb_blurb][et_pb_button button_url=\u00bbhttps:\/\/mediaware.org\/channeltalks\/galeria-de-fotos-2022\/santiago\/\u00bb button_text=\u00bbVER GALER\u00cdA\u00bb button_alignment=\u00bbleft\u00bb _builder_version=\u00bb4.17.6&#8243; _module_preset=\u00bbdefault\u00bb custom_button=\u00bbon\u00bb button_text_size=\u00bb14px\u00bb button_text_color=\u00bb#FFFFFF\u00bb button_bg_color=\u00bb#E02B20&#8243; button_border_radius=\u00bb35px\u00bb button_font=\u00bbMontserrat||||||||\u00bb button_icon=\u00bb&#x55;||divi||400&#8243; button_icon_color=\u00bb#FFFFFF\u00bb button_on_hover=\u00bboff\u00bb custom_padding=\u00bb|37px||19px|false|false\u00bb global_colors_info=\u00bb{}\u00bb][\/et_pb_button][\/et_pb_column][et_pb_column type=\u00bb1_3&#8243; _builder_version=\u00bb4.17.3&#8243; _module_preset=\u00bbdefault\u00bb global_colors_info=\u00bb{}\u00bb][et_pb_blurb title=\u00bbMONTEVIDEO &#8211; UY\u00bb image=\u00bbhttps:\/\/mediaware.org\/channeltalks\/wp-content\/uploads\/2022\/08\/marcador-de-posicion.png\u00bb icon_placement=\u00bbleft\u00bb image_icon_width=\u00bb100%\u00bb _builder_version=\u00bb4.17.6&#8243; _module_preset=\u00bbdefault\u00bb header_font=\u00bbMontserrat|700|||||||\u00bb image_icon_custom_margin=\u00bb-7px||||false|false\u00bb width=\u00bb100%\u00bb global_colors_info=\u00bb{}\u00bb]<\/p>\n<p>Por primera vez en el pa\u00eds, se realiz\u00f3 el<span>\u00a0<\/span><strong>ITseller Channel Talks Uruguay.<\/strong><span>\u00a0<\/span>El tradicional evento de este medio, que ya se realiz\u00f3 en otros pa\u00edses de la regi\u00f3n, tuvo lugar el pasado jueves 6 de octubre en el<span>\u00a0<\/span><strong>Sofitel Montevideo Casino Carrasco &amp; Spa<\/strong>.<\/p>\n<p>[\/et_pb_blurb][et_pb_button button_url=\u00bbhttps:\/\/mediaware.org\/channeltalks\/galeria-de-fotos-2022\/montevideo\/\u00bb button_text=\u00bbVER GALER\u00cdA\u00bb button_alignment=\u00bbleft\u00bb _builder_version=\u00bb4.17.6&#8243; _module_preset=\u00bbdefault\u00bb custom_button=\u00bbon\u00bb button_text_size=\u00bb14px\u00bb button_text_color=\u00bb#FFFFFF\u00bb button_bg_color=\u00bb#E02B20&#8243; button_border_radius=\u00bb35px\u00bb button_font=\u00bbMontserrat||||||||\u00bb button_icon=\u00bb&#x55;||divi||400&#8243; button_icon_color=\u00bb#FFFFFF\u00bb button_on_hover=\u00bboff\u00bb custom_padding=\u00bb|37px||19px|false|false\u00bb global_colors_info=\u00bb{}\u00bb][\/et_pb_button][\/et_pb_column][et_pb_column type=\u00bb1_3&#8243; _builder_version=\u00bb4.17.3&#8243; _module_preset=\u00bbdefault\u00bb global_colors_info=\u00bb{}\u00bb][et_pb_blurb title=\u00bbGUAYAQUIL &#8211; EC\u00bb image=\u00bbhttps:\/\/mediaware.org\/channeltalks\/wp-content\/uploads\/2022\/08\/marcador-de-posicion.png\u00bb icon_placement=\u00bbleft\u00bb image_icon_width=\u00bb100%\u00bb _builder_version=\u00bb4.17.6&#8243; _module_preset=\u00bbdefault\u00bb header_font=\u00bbMontserrat|700|||||||\u00bb image_icon_custom_margin=\u00bb-7px||||false|false\u00bb width=\u00bb100%\u00bb global_colors_info=\u00bb{}\u00bb]<\/p>\n<p class=\"td-post-sub-title\"><span>El evento tuvo lugar el mi\u00e9rcoles 12 de Octubre en el Hotel Sheraton y cont\u00f3 con m\u00e1s de 200 registrados.<\/span><\/p>\n<div class=\"td-module-meta-info\"><\/div>\n<p>[\/et_pb_blurb][et_pb_button button_url=\u00bbhttps:\/\/mediaware.org\/channeltalks\/galeria-de-fotos-2022\/guayaquil\/\u00bb button_text=\u00bbVER GALER\u00cdA\u00bb button_alignment=\u00bbleft\u00bb _builder_version=\u00bb4.17.6&#8243; _module_preset=\u00bbdefault\u00bb custom_button=\u00bbon\u00bb button_text_size=\u00bb14px\u00bb button_text_color=\u00bb#FFFFFF\u00bb button_bg_color=\u00bb#E02B20&#8243; button_border_radius=\u00bb35px\u00bb button_font=\u00bbMontserrat||||||||\u00bb button_icon=\u00bb&#x55;||divi||400&#8243; button_icon_color=\u00bb#FFFFFF\u00bb button_on_hover=\u00bboff\u00bb custom_padding=\u00bb|37px||19px|false|false\u00bb global_colors_info=\u00bb{}\u00bb][\/et_pb_button][\/et_pb_column][\/et_pb_row][et_pb_row column_structure=\u00bb1_3,1_3,1_3&#8243; use_custom_gutter=\u00bbon\u00bb make_equal=\u00bbon\u00bb _builder_version=\u00bb4.17.6&#8243; _module_preset=\u00bbdefault\u00bb custom_padding=\u00bb||52px|||\u00bb global_colors_info=\u00bb{}\u00bb][et_pb_column type=\u00bb1_3&#8243; _builder_version=\u00bb4.17.3&#8243; _module_preset=\u00bbdefault\u00bb global_colors_info=\u00bb{}\u00bb][et_pb_blurb title=\u00bbC\u00d3RDOBA &#8211; ARG\u00bb image=\u00bbhttps:\/\/mediaware.org\/channeltalks\/wp-content\/uploads\/2022\/08\/marcador-de-posicion.png\u00bb icon_placement=\u00bbleft\u00bb image_icon_width=\u00bb100%\u00bb _builder_version=\u00bb4.17.6&#8243; _module_preset=\u00bbdefault\u00bb header_font=\u00bbMontserrat|700|||||||\u00bb image_icon_custom_margin=\u00bb-7px||||false|false\u00bb width=\u00bb100%\u00bb global_colors_info=\u00bb{}\u00bb]<\/p>\n<p class=\"td-post-sub-title\">El evento tuvo lugar el pasado jueves en el Hotel Holiday Inn ( Fray Luis Beltran, Manuel Carde\u00f1osa Y B) y cont\u00f3 con m\u00e1s de 380 registrados.<\/p>\n<div class=\"td-module-meta-info\"><\/div>\n<p>[\/et_pb_blurb][et_pb_button button_url=\u00bbhttps:\/\/mediaware.org\/channeltalks\/galeria-de-fotos-2022\/cordoba\/\u00bb button_text=\u00bbVER GALER\u00cdA\u00bb button_alignment=\u00bbleft\u00bb _builder_version=\u00bb4.17.6&#8243; _module_preset=\u00bbdefault\u00bb custom_button=\u00bbon\u00bb button_text_size=\u00bb14px\u00bb button_text_color=\u00bb#FFFFFF\u00bb button_bg_color=\u00bb#E02B20&#8243; button_border_radius=\u00bb35px\u00bb button_font=\u00bbMontserrat||||||||\u00bb button_icon=\u00bb&#x55;||divi||400&#8243; button_icon_color=\u00bb#FFFFFF\u00bb button_on_hover=\u00bboff\u00bb custom_padding=\u00bb|37px||19px|false|false\u00bb global_colors_info=\u00bb{}\u00bb][\/et_pb_button][\/et_pb_column][et_pb_column type=\u00bb1_3&#8243; _builder_version=\u00bb4.17.3&#8243; _module_preset=\u00bbdefault\u00bb global_colors_info=\u00bb{}\u00bb][et_pb_blurb title=\u00bbLA PAZ &#8211; BO\u00bb image=\u00bbhttps:\/\/mediaware.org\/channeltalks\/wp-content\/uploads\/2022\/08\/marcador-de-posicion.png\u00bb icon_placement=\u00bbleft\u00bb image_icon_width=\u00bb100%\u00bb _builder_version=\u00bb4.17.6&#8243; _module_preset=\u00bbdefault\u00bb header_font=\u00bbMontserrat|700|||||||\u00bb image_icon_custom_margin=\u00bb-7px||||false|false\u00bb width=\u00bb100%\u00bb global_colors_info=\u00bb{}\u00bb]<\/p>\n<p class=\"td-post-sub-title\">El evento, dedicado a lo \u00faltimo en tecnolog\u00eda y negocios en el canal IT, cont\u00f3 con la presencia de m\u00e1s de 100 asistentes y 10 expositores.<\/p>\n<div class=\"td-module-meta-info\"><\/div>\n<div class=\"td-module-meta-info\"><\/div>\n<p>[\/et_pb_blurb][et_pb_button button_url=\u00bbhttps:\/\/mediaware.org\/channeltalks\/galeria-de-fotos-2022\/la-paz\/\u00bb button_text=\u00bbVER GALER\u00cdA\u00bb button_alignment=\u00bbleft\u00bb _builder_version=\u00bb4.17.6&#8243; _module_preset=\u00bbdefault\u00bb custom_button=\u00bbon\u00bb button_text_size=\u00bb14px\u00bb button_text_color=\u00bb#FFFFFF\u00bb button_bg_color=\u00bb#E02B20&#8243; button_border_radius=\u00bb35px\u00bb button_font=\u00bbMontserrat||||||||\u00bb button_icon=\u00bb&#x55;||divi||400&#8243; button_icon_color=\u00bb#FFFFFF\u00bb button_on_hover=\u00bboff\u00bb custom_padding=\u00bb|37px||19px|false|false\u00bb global_colors_info=\u00bb{}\u00bb][\/et_pb_button][\/et_pb_column][et_pb_column type=\u00bb1_3&#8243; _builder_version=\u00bb4.17.3&#8243; _module_preset=\u00bbdefault\u00bb global_colors_info=\u00bb{}\u00bb][et_pb_blurb title=\u00bbLIMA &#8211; PE\u00bb image=\u00bbhttps:\/\/mediaware.org\/channeltalks\/wp-content\/uploads\/2022\/08\/marcador-de-posicion.png\u00bb icon_placement=\u00bbleft\u00bb image_icon_width=\u00bb100%\u00bb _builder_version=\u00bb4.17.6&#8243; _module_preset=\u00bbdefault\u00bb header_font=\u00bbMontserrat|700|||||||\u00bb image_icon_custom_margin=\u00bb-7px||||false|false\u00bb width=\u00bb100%\u00bb global_colors_info=\u00bb{}\u00bb]<\/p>\n<p class=\"td-post-sub-title\"><span>La presentaci\u00f3n del evento dirigido al canal IT en Per\u00fa, organizado por Mediaware Latam, forma parte de una gira latinoamericana que recorre, adem\u00e1s, Argentina, Uruguay, Paraguay, Chile, Bolivia y Ecuador.<\/span><\/p>\n<div class=\"td-module-meta-info\"><\/div>\n<div class=\"td-module-meta-info\"><\/div>\n<p>[\/et_pb_blurb][et_pb_button button_url=\u00bbhttps:\/\/mediaware.org\/channeltalks\/galeria-de-fotos-2022\/lima\/\u00bb button_text=\u00bbVER GALER\u00cdA\u00bb button_alignment=\u00bbleft\u00bb _builder_version=\u00bb4.17.6&#8243; _module_preset=\u00bbdefault\u00bb custom_button=\u00bbon\u00bb button_text_size=\u00bb14px\u00bb button_text_color=\u00bb#FFFFFF\u00bb button_bg_color=\u00bb#E02B20&#8243; button_border_radius=\u00bb35px\u00bb button_font=\u00bbMontserrat||||||||\u00bb button_icon=\u00bb&#x55;||divi||400&#8243; button_icon_color=\u00bb#FFFFFF\u00bb button_on_hover=\u00bboff\u00bb custom_padding=\u00bb|37px||19px|false|false\u00bb hover_enabled=\u00bb0&#8243; global_colors_info=\u00bb{}\u00bb sticky_enabled=\u00bb0&#8243;][\/et_pb_button][\/et_pb_column][\/et_pb_row][et_pb_row column_structure=\u00bb1_3,1_3,1_3&#8243; use_custom_gutter=\u00bbon\u00bb make_equal=\u00bbon\u00bb _builder_version=\u00bb4.17.6&#8243; _module_preset=\u00bbdefault\u00bb custom_padding=\u00bb||52px|||\u00bb global_colors_info=\u00bb{}\u00bb][et_pb_column type=\u00bb1_3&#8243; _builder_version=\u00bb4.17.3&#8243; _module_preset=\u00bbdefault\u00bb global_colors_info=\u00bb{}\u00bb][et_pb_blurb title=\u00bbMENDOZA &#8211; AR\u00bb image=\u00bbhttps:\/\/mediaware.org\/channeltalks\/wp-content\/uploads\/2022\/08\/marcador-de-posicion.png\u00bb icon_placement=\u00bbleft\u00bb image_icon_width=\u00bb100%\u00bb _builder_version=\u00bb4.17.6&#8243; _module_preset=\u00bbdefault\u00bb header_font=\u00bbMontserrat|700|||||||\u00bb image_icon_custom_margin=\u00bb-7px||||false|false\u00bb width=\u00bb100%\u00bb global_colors_info=\u00bb{}\u00bb]<\/p>\n<p class=\"td-post-sub-title\">El evento organizado por Mediaware reuni\u00f3 al ecosistema tecnol\u00f3gico de la provincia cuyana en una jornada que cont\u00f3 con m\u00e1s de 400 registrados, quienes pudieron acceder a capacitaciones y encuentros de negocios uno a uno con las principales marcas y mayoristas del mercado.<\/p>\n<div class=\"td-module-meta-info\"><\/div>\n<div class=\"td-module-meta-info\"><\/div>\n<div class=\"td-module-meta-info\"><\/div>\n<p>[\/et_pb_blurb][et_pb_button button_url=\u00bbhttps:\/\/mediaware.org\/channeltalks\/galeria-de-fotos-2022\/mendoza\u00bb url_new_window=\u00bbon\u00bb button_text=\u00bbVER GALER\u00cdA\u00bb button_alignment=\u00bbleft\u00bb _builder_version=\u00bb4.17.6&#8243; _module_preset=\u00bbdefault\u00bb custom_button=\u00bbon\u00bb button_text_size=\u00bb14px\u00bb button_text_color=\u00bb#FFFFFF\u00bb button_bg_color=\u00bb#E02B20&#8243; button_border_radius=\u00bb35px\u00bb button_font=\u00bbMontserrat||||||||\u00bb button_icon=\u00bb&#x55;||divi||400&#8243; button_icon_color=\u00bb#FFFFFF\u00bb button_on_hover=\u00bboff\u00bb custom_padding=\u00bb|37px||19px|false|false\u00bb global_colors_info=\u00bb{}\u00bb][\/et_pb_button][\/et_pb_column][et_pb_column type=\u00bb1_3&#8243; _builder_version=\u00bb4.17.3&#8243; _module_preset=\u00bbdefault\u00bb global_colors_info=\u00bb{}\u00bb][\/et_pb_column][et_pb_column type=\u00bb1_3&#8243; _builder_version=\u00bb4.17.3&#8243; _module_preset=\u00bbdefault\u00bb global_colors_info=\u00bb{}\u00bb][\/et_pb_column][\/et_pb_row][\/et_pb_section]<\/p>\n","protected":false},"excerpt":{"rendered":"<p>GALER\u00cdA CHANNEL TALKS 2022 Seguimos recorriendo el pa\u00eds, capacitando y premiando a los resellers, generando nuevos v\u00ednculos y negocios con foco en el valor agregado y la relaci\u00f3n personal.Durante la jornada asistieron 100 canales, 10 mayoristas y 33 marcas, con charlas, debates, muestra de productos, soluciones y mucho m\u00e1s.\u00a0El encuentro cerr\u00f3 con un distendido after [&hellip;]<\/p>\n","protected":false},"author":5,"featured_media":0,"parent":0,"menu_order":0,"comment_status":"closed","ping_status":"closed","template":"","meta":{"_et_pb_use_builder":"on","_et_pb_old_content":"","_et_gb_content_width":"","footnotes":""},"class_list":["post-980","page","type-page","status-publish","hentry"],"_links":{"self":[{"href":"https:\/\/mediaware.org\/channeltalks\/wp-json\/wp\/v2\/pages\/980","targetHints":{"allow":["GET"]}}],"collection":[{"href":"https:\/\/mediaware.org\/channeltalks\/wp-json\/wp\/v2\/pages"}],"about":[{"href":"https:\/\/mediaware.org\/channeltalks\/wp-json\/wp\/v2\/types\/page"}],"author":[{"embeddable":true,"href":"https:\/\/mediaware.org\/channeltalks\/wp-json\/wp\/v2\/users\/5"}],"replies":[{"embeddable":true,"href":"https:\/\/mediaware.org\/channeltalks\/wp-json\/wp\/v2\/comments?post=980"}],"version-history":[{"count":41,"href":"https:\/\/mediaware.org\/channeltalks\/wp-json\/wp\/v2\/pages\/980\/revisions"}],"predecessor-version":[{"id":2247,"href":"https:\/\/mediaware.org\/channeltalks\/wp-json\/wp\/v2\/pages\/980\/revisions\/2247"}],"wp:attachment":[{"href":"https:\/\/mediaware.org\/channeltalks\/wp-json\/wp\/v2\/media?parent=980"}],"curies":[{"name":"wp","href":"https:\/\/api.w.org\/{rel}","templated":true}]}}